{"id":582684,"date":"2025-07-31T03:44:49","date_gmt":"2025-07-31T10:44:49","guid":{"rendered":"https:\/\/www.genesys.com\/?post_type=events&#038;p=582684"},"modified":"2025-10-15T06:34:20","modified_gmt":"2025-10-15T13:34:20","slug":"genesys-partner-summit-italy-2025","status":"publish","type":"events","link":"https:\/\/www.genesys.com\/it-it\/events\/genesys-partner-summit-italy-2025","title":{"rendered":"Genesys Partner Summit Italy 2025"},"content":{"rendered":"","protected":false},"excerpt":{"rendered":"","protected":false},"author":744,"featured_media":0,"parent":0,"menu_order":0,"template":"","tax_priority":[],"tax_contenttheme":[],"tax_bundle":[],"tax_contenttheme2":[],"tax_capability_sitewide":[],"tax_products_programs":[],"tax_buying_job":[],"tax_buyer_persona":[],"tax_sector":[],"tax_segment":[],"class_list":["post-582684","events","type-events","status-publish","hentry"],"acf":{"hide_navigation":"false","hide_footer":"false","event_type":"partner","event_status":"ontime","event_start_date":"10\/16\/2025","event_start_time":"15:00:00","event_location":"Milano","event_venue_name":"Hotel Gallia","country":"Italy","venue_map":{"address":"Piazza Duca d'Aosta, 9, 20124 Milano, MI, Italia","lat":45.4856769,"lng":9.2014669,"zoom":14,"place_id":"ChIJ8UIgHdDGhkcREpbuMpt7zDs","name":"Piazza Duca d'Aosta, 9","street_number":"9","street_name":"Piazza Duca d'Aosta","city":"Milano","state":"Lombardia","post_code":"20124","country":"Italy","country_short":"IT"},"event_link":"","item_nav_hide":"no","utm_pass":false,"asset_expiration":"","get_started_config":"default","gsc_tab":false,"enable_external_utm":false,"disable_chat":false,"enable_ab_test":false,"add_to_global_events":false,"disable_next_steps":false,"display_desc":false,"next_steps_type":"default","title_align":"left","ns_title":"","ns_subtitle":"","resource_next_steps":"","event_header_bgc":"orange","event_header_title":"Genesys Partner Summit Italy 2025","event_description_title":"Un incontro esclusivo per i partner di Genesys","event_description":"","event_header_image":"https:\/\/www.genesys.com\/media\/Brand_full-width_email-header_19-copy-1900x800-px.png","disable_registration":false,"form_header_alignment":"center","form_header":"Prenota il tuo posto","form_button":"Registrazione","is_external_registration":["External Registration"],"additional_form_content":"<p style=\"text-align: center;\">Posti limitati. Invito personale e non trasferibile.<\/p>\n","disable_content_section":false,"event_content_template":"b1","event_title_group":{"title":"","sub_title":""},"media_content":{"select_media":"image","content_image":551145,"content_video":""},"text_content":{"sub_title_h4":"","text_content":"<p>Siamo lieti di invitarti al <strong>Partner Summit Italy 2025<\/strong>, che si terr\u00e0 il prossimo <strong>16 ottobre a Milano<\/strong>.<\/p>\n<p>Una giornata <strong>esclusiva<\/strong> <strong>per i nostri partner<\/strong> in Italia, pensata per condividere novit\u00e0, ispirazione e rafforzare le nostre collaborazioni.<\/p>\n<p>Durante l\u2019evento interverranno autorevoli speaker di Genesys, che presenteranno la strategia aziendale, le novit\u00e0 del partner program e le principali iniziative di enablement. Saranno inoltre presenti il <strong>team commerciale di Genesys<\/strong> Italia e due dei partner strategici: <b>EY<\/b>\u00a0e <strong>ServiceNow<\/strong>.<\/p>\n<p>Come <a href=\"https:\/\/www.genesys.com\/it-it\/events\/genesys-partner-summit-italy-2025#sponsors\">sponsor<\/a> dell\u2019evento parteciperanno quattro dei nostri partner AppFoundry, pronti a condividere le loro soluzioni e innovazioni: <a href=\"https:\/\/interactcx.com\/\" target=\"_blank\" rel=\"noopener\"><strong>Interact CX<\/strong><\/a>, <strong><a href=\"https:\/\/www.pcipal.com\/\" target=\"_blank\" rel=\"noopener\">PCI Pal<\/a><\/strong>, <strong><a href=\"https:\/\/softphone.it\" target=\"_blank\" rel=\"noopener\">Softphone<\/a><\/strong> e <a href=\"https:\/\/veridas.com\/it\/\" target=\"_blank\" rel=\"noopener\"><strong>Veridas<\/strong><\/a>.<\/p>\n<p>Concluderemo la giornata con un <strong>aperitivo informale<\/strong>, l\u2019occasione ideale per continuare a confrontarsi e fare networking in un\u2019atmosfera rilassata.<\/p>\n","cta_text":"Ti aspettiamo!","cta_url":"https:\/\/forms.office.com\/Pages\/ResponsePage.aspx?id=nOZceM-Qx02ogurzEtHRXVMk5W-Lno5Knx8LpLu7RedUNFk1S1g2QVVFVlVQNEU4QkhFWEZIMEo3TS4u"},"disable_agenda_section":false,"event_agenda_title":"Agenda","event_agenda_opened":"1","remove_agenda_nav":false,"event_agenda_nav":"","event_agenda_group":[{"agenda_group_title":"","event_agenda":[{"agenda_date":"16\/10\/2025","agenda_tab_label":"","agenda_details":[{"agenda_title":"Registrazione","agenda_start_time":"15:00:00","agenda_end_time":"15:30:00","agenda_single_description":"","agenda_session_speakers":false},{"agenda_title":"Opening","agenda_start_time":"15:30:00","agenda_end_time":"16:00:00","agenda_single_description":"","agenda_session_speakers":[{"speaker_photo":582695,"speaker_full_name":"Gabriel Frasconi","speaker_position_company":"VP of Channel Sales EMEA | Genesys"},{"speaker_photo":515568,"speaker_full_name":"Daniel Barbar","speaker_position_company":"Country Manager, Italia | Genesys"},{"speaker_photo":582687,"speaker_full_name":"Giorgio Villa","speaker_position_company":"Sr. Account Executive, Partner Sales | Genesys"}]},{"agenda_title":"Insieme per innovare: Genesys e i Partner nell\u2019Experience Economy","agenda_start_time":"16:00:00","agenda_end_time":"16:25:00","agenda_single_description":"","agenda_session_speakers":[{"speaker_photo":575710,"speaker_full_name":"Nicola Mazzucotelli","speaker_position_company":"VP Sales Italy | Genesys"},{"speaker_photo":582695,"speaker_full_name":"Gabriel Frasconi","speaker_position_company":"VP of Channel Sales EMEA | Genesys"},{"speaker_photo":515568,"speaker_full_name":"Daniel Barbar","speaker_position_company":"Country Manager, Italia | Genesys"},{"speaker_photo":582687,"speaker_full_name":" Giorgio Villa","speaker_position_company":"Sr. Account Executive, Partner Sales | Genesys"}]},{"agenda_title":"ConnectLingua - Realtime Voice Translation with Genesys","agenda_start_time":"16:25:00","agenda_end_time":"16:35:00","agenda_single_description":"","agenda_session_speakers":[{"speaker_photo":597609,"speaker_full_name":"Raza Jivani","speaker_position_company":"Managing Director | Interact CX"}]},{"agenda_title":"Genesys AI","agenda_start_time":"16:35:00","agenda_end_time":"17:30:00","agenda_single_description":"","agenda_session_speakers":[{"speaker_photo":507019,"speaker_full_name":"Cristiana Darra","speaker_position_company":"Manager Solutions Consulting | Genesys"},{"speaker_photo":507020,"speaker_full_name":"Giovanni Laino","speaker_position_company":"Senior Solution Consultant | Genesys"}]},{"agenda_title":"Pausa caff\u00e8","agenda_start_time":"17:30:00","agenda_end_time":"18:00:00","agenda_single_description":"","agenda_session_speakers":false},{"agenda_title":"PCI Pal and the meaning of CaaS","agenda_start_time":"18:00:00","agenda_end_time":"06:10:00","agenda_single_description":"","agenda_session_speakers":[{"speaker_photo":593042,"speaker_full_name":"Paul Canales","speaker_position_company":"EMEA Partners and Alliances Manager | PCI Pal"}]},{"agenda_title":"Panel Discussion: EY e ServiceNow","agenda_start_time":"18:10:00","agenda_end_time":"18:30:00","agenda_single_description":"","agenda_session_speakers":[{"speaker_photo":597380,"speaker_full_name":"Filippo Giannelli","speaker_position_company":"Area VP Italy & Israel, Country Leader Italy | ServiceNow"},{"speaker_photo":593039,"speaker_full_name":"Vittorio Granata","speaker_position_company":"Senior Manager | EY"},{"speaker_photo":515568,"speaker_full_name":"Daniel Barbar","speaker_position_company":"Country Manager Italy | Genesys"}]},{"agenda_title":"Veridas - Dalle minacce di frode ai vantaggi per il business","agenda_start_time":"18:30:00","agenda_end_time":"18:40:00","agenda_single_description":"","agenda_session_speakers":[{"speaker_photo":597940,"speaker_full_name":"Arianna Valente","speaker_position_company":"Sales Director Italy | Veridas"},{"speaker_photo":597942,"speaker_full_name":"Miguel \u00c1ngel Ad\u00e1n","speaker_position_company":"Digital Identity Expert | Veridas"}]},{"agenda_title":"Level Up with Softphone: Powering AI and Human Agents with Enterprise Data Integrations for Genesys Customers","agenda_start_time":"18:40:00","agenda_end_time":"18:50:00","agenda_single_description":"","agenda_session_speakers":[{"speaker_photo":596356,"speaker_full_name":"Alessandro Casolla","speaker_position_company":"Solution Architect | Softphone"}]},{"agenda_title":"Premiazioni","agenda_start_time":"18:50:00","agenda_end_time":"19:15:00","agenda_single_description":"","agenda_session_speakers":false},{"agenda_title":"Aperitivo di networking","agenda_start_time":"19:30:00","agenda_end_time":"21:30:00","agenda_single_description":"","agenda_session_speakers":false}]}],"additional_agenda_content":""}],"disable_speaker_section":false,"event_speaker_title":"Scopri gli speaker","remove_speaker_nav":false,"event_speaker_nav":"Speaker","disable_venue_section":false,"remove_venue_nav":false,"event_venue_nav":"","enable_map":true,"disable_faq_section":false,"event_faq_title":"Domande frequenti","event_faq_opened":"0","remove_faq_nav":false,"event_faq_nav":"FAQ","disable_sponsor_section":false,"event_sponsor_title":"Sponsor","remove_sponsor_nav":false,"event_sponsor_nav":"Sponsor","disable_partner_section":false,"event_partners_title":"","event_partners_subtitle":"","remove_partners_nav":false,"event_partners_nav":"","event_partners_columns":"5","disable_additional_content_section":true,"additional_content_template":"a1","additional_content_position":"default","additional_title_group":{"title":"","sub_title":""},"additional_media_content":{"select_media":"image","content_image":false,"content_video":""},"additional_text_content":{"sub_title_h4":"","text_content":"","cta_text":"","cta_url":""},"nav_logo":false,"nav_form_text":"","disable_navigation_form_link":false,"event_date_format":"default","event_time_format":"h:i a","event_hashtag":"","w_tycontent":"","meta_title":"","meta_description":"","no_index":false,"no_follow":false,"meta_twitter_title":"","meta_twitter_description":"","meta_facebook_title":"","meta_facebook_description":"","custom_canonical_url":"","event_speakers":[{"speaker_name":"Gabriel Frasconi","speaker_position":"VP of Channel Sales EMEA | Genesys","speaker_description":"","speaker_image":582695,"speaker_social":[{"social_site_link":"https:\/\/www.linkedin.com\/in\/gfrasconi\/"}]},{"speaker_name":"Nicola Mazzucotelli","speaker_position":"VP Sales Italy & Iberia | Genesys","speaker_description":"","speaker_image":575710,"speaker_social":[{"social_site_link":"https:\/\/www.linkedin.com\/in\/nicola-mazzucotelli-466365b\/"}]},{"speaker_name":"Daniel Barbar","speaker_position":"Country Manager, Italia | Genesys","speaker_description":"","speaker_image":515568,"speaker_social":[{"social_site_link":"https:\/\/www.linkedin.com\/in\/daniel-barbar-971927\/"}]},{"speaker_name":"Jaime Franzi","speaker_position":"Partner Sales Director | Genesys","speaker_description":"","speaker_image":575723,"speaker_social":[{"social_site_link":"https:\/\/www.linkedin.com\/in\/jaimefranzi\/"}]},{"speaker_name":"Giorgio Villa","speaker_position":"Sr. Account Executive, Partner Sales | Genesys","speaker_description":"","speaker_image":582687,"speaker_social":[{"social_site_link":"https:\/\/www.linkedin.com\/in\/giorgio-villa\/"}]},{"speaker_name":"Cristiana Darra","speaker_position":"Manager Solutions Consulting | Genesys","speaker_description":"","speaker_image":507019,"speaker_social":[{"social_site_link":"https:\/\/www.linkedin.com\/in\/cristianadarra\/"}]},{"speaker_name":"Giovanni Laino","speaker_position":"Senior Solution Consultant | Genesys","speaker_description":"","speaker_image":507020,"speaker_social":[{"social_site_link":"https:\/\/www.linkedin.com\/in\/giovanni-laino-995b7041\/"}]},{"speaker_name":"Filippo Giannelli","speaker_position":"Area VP Italy & Israel, Country Leader Italy | ServiceNow","speaker_description":"","speaker_image":597380,"speaker_social":[{"social_site_link":"https:\/\/www.linkedin.com\/in\/amedeo-muro-7b1513\/"}]},{"speaker_name":"Vittorio Granata","speaker_position":"Senior Manager | EY","speaker_description":"","speaker_image":593039,"speaker_social":[{"social_site_link":"https:\/\/www.linkedin.com\/in\/vittorio-granata-43aaa330"}]},{"speaker_name":"Paul Canales","speaker_position":"EMEA Partners and Alliances Manager | PCI Pal","speaker_description":"","speaker_image":593042,"speaker_social":[{"social_site_link":"https:\/\/www.linkedin.com\/in\/paulcanales\/"}]},{"speaker_name":"Alessandro Casolla","speaker_position":"Solution Architect | Softphone","speaker_description":"","speaker_image":596356,"speaker_social":[{"social_site_link":"https:\/\/www.linkedin.com\/in\/alessandro-casolla-274b0634\/?originalSubdomain=it"}]},{"speaker_name":"M. Raza Jivani","speaker_position":"Managing Director | Interact CX","speaker_description":"","speaker_image":597609,"speaker_social":[{"social_site_link":"https:\/\/www.linkedin.com\/in\/rjivani\/"}]},{"speaker_name":"Arianna Valente","speaker_position":"Sales Director Italy | Veridas","speaker_description":"","speaker_image":597940,"speaker_social":[{"social_site_link":"https:\/\/www.linkedin.com\/in\/arianna-valente\/"}]},{"speaker_name":"Miguel \u00c1ngel Ad\u00e1n","speaker_position":"Digital Identity Expert | Veridas","speaker_description":"","speaker_image":597942,"speaker_social":[{"social_site_link":"https:\/\/www.linkedin.com\/in\/migueladansales\/"}]}],"event_faq":[{"faq_question":"\u00c8 disponibile il parcheggio?","faq_answer":"<p>Il parcheggio pi\u00f9 vicino \u00e8 l\u2019\u201cInternational Parking\u201d in Via Galvani 12, Milano. Si consiglia di comunicarci entro il 9 ottobre se si desidera una posto, in modo da poterlo riservare.<\/p>\n"},{"faq_question":"Posso trasferire l\u2019invito a un altro membro del mio team?","faq_answer":"<p>No, per ragioni di capienza gli inviti sono nominali. Se vuoi invitare un\u2019altra persona, contattaci e verificheremo la disponibilit\u00e0.<\/p>\n"}],"external_registration_link":"https:\/\/forms.office.com\/Pages\/ResponsePage.aspx?id=nOZceM-Qx02ogurzEtHRXVMk5W-Lno5Knx8LpLu7RedUNFk1S1g2QVVFVlVQNEU4QkhFWEZIMEo3TS4u","event_sponsor_tier":[{"sponsor_tier":"None","custom_tier":"","event_sponsors":[{"sponsor_name":"ConnectLingua","sponsor_image":597611,"sponsor_url":"https:\/\/interactcx.com\/ConnectLingua"},{"sponsor_name":"PCI Pal","sponsor_image":586399,"sponsor_url":"https:\/\/www.pcipal.com\/"},{"sponsor_name":"Softphone","sponsor_image":596106,"sponsor_url":"https:\/\/www.softphone.it\/"},{"sponsor_name":"Veridas","sponsor_image":575715,"sponsor_url":"https:\/\/veridas.com\/it"}]}],"enable_intellimize_api":false},"_links":{"self":[{"href":"https:\/\/www.genesys.com\/it-it\/wp-json\/wp\/v2\/events\/582684","targetHints":{"allow":["GET"]}}],"collection":[{"href":"https:\/\/www.genesys.com\/it-it\/wp-json\/wp\/v2\/events"}],"about":[{"href":"https:\/\/www.genesys.com\/it-it\/wp-json\/wp\/v2\/types\/events"}],"author":[{"embeddable":true,"href":"https:\/\/www.genesys.com\/it-it\/wp-json\/wp\/v2\/users\/744"}],"version-history":[{"count":20,"href":"https:\/\/www.genesys.com\/it-it\/wp-json\/wp\/v2\/events\/582684\/revisions"}],"predecessor-version":[{"id":598943,"href":"https:\/\/www.genesys.com\/it-it\/wp-json\/wp\/v2\/events\/582684\/revisions\/598943"}],"wp:attachment":[{"href":"https:\/\/www.genesys.com\/it-it\/wp-json\/wp\/v2\/media?parent=582684"}],"wp:term":[{"taxonomy":"tax_priority","embeddable":true,"href":"https:\/\/www.genesys.com\/it-it\/wp-json\/wp\/v2\/tax_priority?post=582684"},{"taxonomy":"tax_contenttheme","embeddable":true,"href":"https:\/\/www.genesys.com\/it-it\/wp-json\/wp\/v2\/tax_contenttheme?post=582684"},{"taxonomy":"tax_bundle","embeddable":true,"href":"https:\/\/www.genesys.com\/it-it\/wp-json\/wp\/v2\/tax_bundle?post=582684"},{"taxonomy":"tax_contenttheme2","embeddable":true,"href":"https:\/\/www.genesys.com\/it-it\/wp-json\/wp\/v2\/tax_contenttheme2?post=582684"},{"taxonomy":"tax_capability_sitewide","embeddable":true,"href":"https:\/\/www.genesys.com\/it-it\/wp-json\/wp\/v2\/tax_capability_sitewide?post=582684"},{"taxonomy":"tax_products_programs","embeddable":true,"href":"https:\/\/www.genesys.com\/it-it\/wp-json\/wp\/v2\/tax_products_programs?post=582684"},{"taxonomy":"tax_buying_job","embeddable":true,"href":"https:\/\/www.genesys.com\/it-it\/wp-json\/wp\/v2\/tax_buying_job?post=582684"},{"taxonomy":"tax_buyer_persona","embeddable":true,"href":"https:\/\/www.genesys.com\/it-it\/wp-json\/wp\/v2\/tax_buyer_persona?post=582684"},{"taxonomy":"tax_sector","embeddable":true,"href":"https:\/\/www.genesys.com\/it-it\/wp-json\/wp\/v2\/tax_sector?post=582684"},{"taxonomy":"tax_segment","embeddable":true,"href":"https:\/\/www.genesys.com\/it-it\/wp-json\/wp\/v2\/tax_segment?post=582684"}],"curies":[{"name":"wp","href":"https:\/\/api.w.org\/{rel}","templated":true}]}}