{"id":322856,"date":"2020-06-28T18:55:44","date_gmt":"2020-06-29T01:55:44","guid":{"rendered":"https:\/\/www.genesys.com\/?post_type=events&#038;p=322856"},"modified":"2020-08-24T03:00:10","modified_gmt":"2020-08-24T10:00:10","slug":"virtual-g-summit-latam","status":"publish","type":"events","link":"https:\/\/www.genesys.com\/es-mx\/events\/virtual-g-summit-latam","title":{"rendered":"Virtual G-Summit LATAM (Spanish)"},"content":{"rendered":"","protected":false},"excerpt":{"rendered":"","protected":false},"author":593,"featured_media":323035,"parent":0,"menu_order":0,"template":"","tax_priority":[54],"tax_contenttheme":[],"tax_bundle":[],"tax_contenttheme2":[],"tax_capability_sitewide":[],"tax_products_programs":[16536],"tax_buying_job":[],"tax_buyer_persona":[],"tax_sector":[],"tax_segment":[],"class_list":["post-322856","events","type-events","status-publish","has-post-thumbnail","hentry","event_type-g-summit","tax_priority-54","tax_products_programs-genesys-customer-success-es-mx"],"acf":{"event_type":"gsummit","event_status":"virtual","event_start_date":"08\/25\/2020","event_end_date":"08\/27\/2020","event_location":"Online","event_venue_name":"Virtual G-Summit LATAM","country":"Virtual","no_link":[],"event_link":"","hide_navigation":"false","hide_footer":"false","utm_pass":false,"item_nav_hide":"no","disable_chat":false,"event_header_title":"G-Summit Virtual, LATAM","event_description_title":"","event_description":"El 2020 ha generado indiscutiblemente un nuevo reto para las empresas, la capacidad de adaptarse a la nueva normalidad de los clientes es cr\u00edtica. Participe con nosotros en el G-Summit Virtual, LATAM y conozca c\u00f3mo Genesys puede apoyarlo a brindar a sus clientes las nuevas experiencias que estos demandan. G-Summit Virtual, LATAM es el lugar para encontrar el camino en tiempos inciertos, crear relaciones s\u00f3lidas con sus clientes y hacer que su negocio avance.","event_header_image":"https:\/\/www.genesys.com\/media\/G-Summit-LATAM-2020-1.png","disable_registration":false,"form_header_alignment":"left","form_header":"Acceda al evento ahora\u2029","form_button":"","is_external_registration":["External Registration"],"form_setup":{"events_field_config":"default","events_custom_fields":["fl_email","fl_firstname","fl_lastname","fl_company","fl_busphone","fl_country","fl_city","fl_jobfunction1","fl_joblevel1","fl_title","fl_website","fl_industry1","fl_levelofinterest1","fl_numberofagentsform1"],"additional_custom_form_fields":{"advance_fields":false},"cust_form_id":"","form_cid":"7011T000001kr2bQAA","multiple_cid":false,"multiple_cid_setup":false,"ar_status":"Event","ar_title":false,"ar_custom_title":"","ar_url":false,"ar_custom_url":"","custom_ty":"<p>Gracias por su inter\u00e9s en el Virtual G-Summit LATAM. \u00a1Recibir\u00e1 su confirmaci\u00f3n e informaci\u00f3n de registro por correo electr\u00f3nico pronto!<\/p>\n"},"additional_form_content":"","disable_content_section":false,"event_content_template":"f","event_title_group":{"title":"","sub_title":""},"text_content":{"sub_title_h4":"","text_content":"<p>G-Summit Virtual, LATAM le proporcionar\u00e1 los conocimientos pr\u00e1cticos que necesita para empoderar a sus empleados, fortalecer las relaciones con los clientes y hacer que su negocio avance. Si adaptarse a nuevas realidades significa migrar a una soluci\u00f3n moderna, \u00e9sta tambi\u00e9n es su oportunidad de obtener respuestas a sus preguntas y reducir el tiempo y costos en procesos de migraci\u00f3n.<\/p>\n<p>Acomp\u00e1\u00f1enos y descubra junto a nuestros expertos todo lo que necesita para crear las experiencias que har\u00e1n avanzar su negocio. Mu\u00e9vase a la nube, adopte IA, descubra nuevas formas de personalizar la experiencia del cliente\u2026 todo en G-Summit Virtual, LATAM<\/p>\n","cta_text":"","cta_url":""},"disable_speaker_section":false,"event_speakers":[{"speaker_name":"Bruno Bertini","speaker_position":"VP, Americas Regional Marketing en Genesys ","speaker_description":"","speaker_image":332035,"speaker_social":false},{"speaker_name":"Antoine Ducarme ","speaker_position":"VP, Solutions Consultant LATAM en Genesys","speaker_description":"","speaker_image":332036,"speaker_social":false},{"speaker_name":"Clara Torrado","speaker_position":"Gerente Customer Experience en Ocasa","speaker_description":"","speaker_image":332038,"speaker_social":false},{"speaker_name":"Carlos Alberto Gonzalez ","speaker_position":"VP de Operaciones en Konecta Colombia","speaker_description":"","speaker_image":332037,"speaker_social":false},{"speaker_name":"Julieta Conconi","speaker_position":"Customer Engagement Director LATAM en Genesys ","speaker_description":"","speaker_image":332040,"speaker_social":false},{"speaker_name":"Diego Galindo Hern\u00e1ndez","speaker_position":"Director de Servicio al Cliente en Bolsa de Valores de Colombia ","speaker_description":"","speaker_image":332041,"speaker_social":false},{"speaker_name":"Diego Larrea","speaker_position":"Gerente General de Tecnolog\u00eda de Ventas e Innovaci\u00f3n en Aerom\u00e9xico","speaker_description":"","speaker_image":332043,"speaker_social":false},{"speaker_name":"Flavio Franco","speaker_position":"Head of Customer Engineering LATAM en Google Cloud","speaker_description":"","speaker_image":332044,"speaker_social":false},{"speaker_name":"Joa\u0303o Marcus Santos ","speaker_position":"IT Solutions Coordinator en Banco Inter","speaker_description":"","speaker_image":332356,"speaker_social":false},{"speaker_name":"Mauricio Giraldo ","speaker_position":"Director, Solutions Consulting LATAM en Genesys ","speaker_description":"","speaker_image":332368,"speaker_social":false},{"speaker_name":"Mauricio Reyes Figueroa ","speaker_position":"Sub Gerente Analytics e Innovacio\u0301n en Seyco","speaker_description":"","speaker_image":332049,"speaker_social":false},{"speaker_name":"Ba\u0301rbara Gonzalez","speaker_position":"VP, Global Business Consulting en Genesys","speaker_description":"","speaker_image":332250,"speaker_social":false},{"speaker_name":"Ayres Neto ","speaker_position":"Head of Digital en Cetelem ","speaker_description":"","speaker_image":332251,"speaker_social":false},{"speaker_name":"Benjamin Castro ","speaker_position":"Chief Operation Officer en Ilumno","speaker_description":"","speaker_image":332360,"speaker_social":false},{"speaker_name":"Clery Neyra Vera","speaker_position":"Directora de Innovacio\u0301n y Transformaci\u00f3n en la Universidad Peruana de Ciencias Aplicadas","speaker_description":"","speaker_image":332315,"speaker_social":false},{"speaker_name":"Daniel Ortiz ","speaker_position":"Director en F\u00e1brica Social Techo","speaker_description":"","speaker_image":332253,"speaker_social":false},{"speaker_name":"Eva Majercsik","speaker_position":"Chief People Officer en Genesys","speaker_description":"","speaker_image":332363,"speaker_social":false},{"speaker_name":"Giuliana Huama\u0301n","speaker_position":"Influencer","speaker_description":"","speaker_image":332256,"speaker_social":false},{"speaker_name":"Leo Piccioli","speaker_position":"Influencer ","speaker_description":"","speaker_image":332257,"speaker_social":false},{"speaker_name":"Jose Revilla ","speaker_position":"Socio en Kingsley Gate Partners  ","speaker_description":"","speaker_image":332365,"speaker_social":false},{"speaker_name":"Martha Moncayo Guerrero","speaker_position":"Gerente General en CNT","speaker_description":"","speaker_image":332259,"speaker_social":false},{"speaker_name":"Sergio Coretti","speaker_position":"VP, Business Consulting North America en Genesys","speaker_description":"","speaker_image":332366,"speaker_social":false}],"disable_agenda_section":false,"event_agenda_group":[{"agenda_group_title":"D\u00cdA 1","event_agenda":[{"agenda_date":"25\/08\/2020","agenda_tab_label":"","agenda_details":[{"agenda_title":"Welcome Host","agenda_start_time":"10:00:00","agenda_end_time":"10:25:00","agenda_single_description":"<p><strong>Experience as a Service<br \/>\n<\/strong><strong>Ponente: Bruno Bertini &#8211; VP, Americas Regional Marketing en Genesys<\/strong><\/p>\n<p>Nos criaron para creer que las relaciones de negocios no deber\u00edan tener emociones o sentimientos, lo que de hecho es una de las caracter\u00edsticas m\u00e1s profundas que nos hace humanos y que influye en la toma de decisiones. La personalizaci\u00f3n y la empat\u00eda juegan tambi\u00e9n un papel clave en las experiencias como servicio.<\/p>\n","agenda_session_speakers":false},{"agenda_title":"Casos de \u00e9xito","agenda_start_time":"10:25:00","agenda_end_time":"10:36:00","agenda_single_description":"<p><strong>Caso de \u00e9xito Cetelem: El camino a la digitalizaci\u00f3n<\/strong><br \/>\n<strong>Ponente: A<\/strong><strong>yres Neto &#8211; Head of Digital en Cetelem<\/strong><\/p>\n<p>Cetelem comenz\u00f3 su transformaci\u00f3n digital hace cuatro a\u00f1os para superar una brecha tecnol\u00f3gica en el centro de contacto. La compa\u00f1\u00eda comenz\u00f3 a buscar un proveedor que lo ayudar\u00e1 a lograr su visi\u00f3n de una experiencia omnicanal integrada para los clientes. Con la creencia de que ofrecer una mejor experiencia a sus clientes tambi\u00e9n conducir\u00eda a mejores resultados financieros, Cetelem seleccion\u00f3 a Genesys.<\/p>\n<p>Con Genesys, Cetelem ahora puede ofrecer a sus clientes un viaje totalmente digital y el canal de comunicaci\u00f3n de su elecci\u00f3n. Esto ha llevado a una mejor experiencia del cliente y mayores puntajes de Net Promoter.<\/p>\n<p><strong>Caso de \u00e9xito: La importancia de la conexi\u00f3n con el ciudadano &#8211; CNT <\/strong><br \/>\n<strong>Ponente: Martha Moncayo Guerrero &#8211; Gerente General en CNT<br \/>\n<\/strong><\/p>\n<p>Poder atender de manera oportuna a la ciudadan\u00eda en los momentos en que los servicios de salud se encuentran saturados. 200 m\u00e9dicos voluntarios y Genesys Cloud como habilitador para recibir m\u00e1s de 10.200 llamadas apoyaron esta causa.<\/p>\n","agenda_session_speakers":false},{"agenda_title":"Alianza Genesys \u2013 Google: Le damos vida a la IA en la experiencia del cliente\u200b","agenda_start_time":"10:36:00","agenda_end_time":"11:00:00","agenda_single_description":"<p><strong>Ponentes: Antoine Ducarme &#8211; VP, Solutions Consultant LATAM en Genesys y <\/strong><strong>Flavio Franco &#8211; Head of Customer Engineering LATAM en Google Cloud<\/strong><\/p>\n<p>La inteligencia artificial est\u00e1 lista para transformar los centros de contacto y mejorar la experiencia del cliente sin poner en riesgo la eficiencia operativa. Las marcas l\u00edderes podr\u00e1n lograr clientes m\u00e1s satisfechos y mayor lealtad.<\/p>\n","agenda_session_speakers":false},{"agenda_title":"Siempre lo hicimos as\u00ed","agenda_start_time":"11:00:00","agenda_end_time":"11:28:00","agenda_single_description":"<p><strong>Ponente: Leo Piccioli<\/strong><\/p>\n<p>Las empresas tienden a &#8220;creer&#8221; que lo que las hizo exitosas, seguir\u00e1 funcionando, pero con el cambio tecnol\u00f3gico, esto ya no es as\u00ed. En una charla divertida y atractiva, Leo comparte herramientas para abrazar el cambio y modificar nuestra actitud.<\/p>\n","agenda_session_speakers":false},{"agenda_title":"Closure","agenda_start_time":"11:28:00","agenda_end_time":"11:31:00","agenda_single_description":"","agenda_session_speakers":false}]}],"additional_agenda_content":""},{"agenda_group_title":"D\u00cdA 2","event_agenda":[{"agenda_date":"26\/08\/2020","agenda_tab_label":"","agenda_details":[{"agenda_title":"Welcome Host","agenda_start_time":"10:00:00","agenda_end_time":"10:25:00","agenda_single_description":"<p><strong>Destruir para Construir<\/strong><br \/>\n<strong>Ponente: Giuliana Huam\u00e1n<\/strong><\/p>\n<p>Reconstruy\u00f3 su vida despu\u00e9s de un accidente. Una historia humana e inspiradora sobre la adaptaci\u00f3n.<\/p>\n","agenda_session_speakers":false},{"agenda_title":"Panel Parte 1","agenda_start_time":"10:25:00","agenda_end_time":"11:00:00","agenda_single_description":"<p><strong>La adaptaci\u00f3n de los negocios durante la crisis<\/strong><\/p>\n<p><strong>Ponentes:<\/strong><\/p>\n<ul>\n<li><strong>Julieta Conconi &#8211; Customer Engagement Director LATAM en Genesys<\/strong><\/li>\n<li><strong>Jo\u00e3o Marcus Santos &#8211; IT Solutions Coordinator en Banco Inter<\/strong><\/li>\n<li><strong>Diego Larrea &#8211; Gerente General de Tecnolog\u00eda de Ventas e Innovaci\u00f3n en Aerom\u00e9xico<\/strong><\/li>\n<li><strong>Benjamin Castro &#8211; Chief Operation Officer en Ilumno<\/strong><\/li>\n<li><strong>Clara Torrado &#8211; Gerente Customer Experience en Ocasa<\/strong><\/li>\n<\/ul>\n<p>Cuatro importantes compa\u00f1\u00edas de Latinoam\u00e9rica estar\u00e1n juntas en un panel para contar c\u00f3mo est\u00e1n llevando sus negocios durante la crisis y cu\u00e1l ha sido su proceso de adaptaci\u00f3n ante el cambio en el comportamiento de sus clientes.<\/p>\n","agenda_session_speakers":false},{"agenda_title":"Movi\u00e9ndose del Ego-Sistema al Eco-Sistema SaaS","agenda_start_time":"11:00:00","agenda_end_time":"11:23:00","agenda_single_description":"<p><strong>Ponente<\/strong>: <strong>Mauricio Giraldo &#8211; Director, Solutions Consulting LATAM en Genesys<\/strong><\/p>\n<p>En el industria del software como servicio, la cooperaci\u00f3n es un imperativo para responder en forma \u00e1gil a la velocidad y a la aceleraci\u00f3n del mercado. Para colaborar genuinamente, tenemos que tomar consciencia de que no estamos aislados, sino que somos fragmentos de un sistema mayor dentro del cual estamos conectados con otras partes que tambi\u00e9n lo integran.<\/p>\n","agenda_session_speakers":false},{"agenda_title":"Casos de \u00e9xito","agenda_start_time":"11:23:00","agenda_end_time":"11:34:00","agenda_single_description":"<p><strong>Caso de \u00e9xito: Integrando la experiencia del estudiante<\/strong><\/p>\n<p><strong>Ponente: Clery Neyra Vera &#8211; Directora de Innovaci\u00f3n y Transformaci\u00f3n en la Universidad Peruana de Ciencias Aplicadas<\/strong><\/p>\n<p>La integraci\u00f3n de la atenci\u00f3n a los estudiantes para el proceso de matr\u00edcula, retenci\u00f3n y experiencia del estudiante. Solucionando as\u00ed m\u00e1s de 5.000 solicitudes que reciben d\u00eda a d\u00eda para obtener informaci\u00f3n.<\/p>\n<p><strong>Caso de \u00e9xito: Konecta Cloud<br \/>\nPonente: Carlos Alberto Gonzalez &#8211; VP de Operaciones en Konecta Colombia<\/strong><\/p>\n<p>Konecta reinvent\u00f3 su modelo de negocio creando Konecta Cloud para adaptarse al nuevo desaf\u00edo ofreciendo a los empleados la posibilidad de trabajar remotamente garantizando al mismo tiempo la seguridad de la informaci\u00f3n a sus clientes.<\/p>\n","agenda_session_speakers":false},{"agenda_title":"Panel: Inclusi\u00f3n y Diversidad: Impacto positivo y beneficio en el negocio","agenda_start_time":"11:34:00","agenda_end_time":"00:03:00","agenda_single_description":"<p><strong>Ponentes: <\/strong><\/p>\n<ul>\n<li><strong> B\u00e1rbara Gonzalez &#8211; VP, Global Business Consulting en Genesys<\/strong><\/li>\n<li><strong>Eva Majercsik &#8211; Chief People Officer en Genesys<\/strong><\/li>\n<li><strong>Jose Revilla &#8211; Socio en Kingsley Gate Partners<\/strong><\/li>\n<\/ul>\n<p>En el compromiso de crear empat\u00eda hacia clientes y empleados, la diversidad cultural y de g\u00e9nero, as\u00ed como la igualdad de oportunidades, debe formar parte fundamental de la estrategia de negocio. Y los beneficios y el impacto positivo para las organizaciones es real y tangible.<\/p>\n","agenda_session_speakers":false},{"agenda_title":"Closure","agenda_start_time":"12:03:00","agenda_end_time":"12:06:00","agenda_single_description":"","agenda_session_speakers":false}]}],"additional_agenda_content":""},{"agenda_group_title":"D\u00cdA 3","event_agenda":[{"agenda_date":"27\/08\/2020","agenda_tab_label":"","agenda_details":[{"agenda_title":"Welcome Host ","agenda_start_time":"10:00:00","agenda_end_time":"10:26:00","agenda_single_description":"<p><strong>Un Techo para mi Pa\u00eds \u2013 Innovaci\u00f3n a trav\u00e9s del emprendimiento social<br \/>\nPonente: Daniel Ortiz &#8211; Director en F\u00e1brica Social Techo<\/strong><\/p>\n<p>La emergencia actual nos ha puesto en una situaci\u00f3n compleja a todos. Sin embargo, m\u00e1s de 165 millones de personas en Latinoam\u00e9rica viven una emergencia constante: la pobreza. Desde TECHO, y gracias a nuestra F\u00e1brica Social, hemos podido desarrollar proyectos de infraestructura innovadores para atender esa emergencia constante en toda la regi\u00f3n.<\/p>\n","agenda_session_speakers":false},{"agenda_title":"Panel Parte 2","agenda_start_time":"10:26:00","agenda_end_time":"11:00:00","agenda_single_description":"<p><strong>El \u00e9xito de los negocios durante la crisis<\/strong><\/p>\n<p><strong>Ponentes:<\/strong><\/p>\n<ul>\n<li><strong>Julieta Conconi &#8211; Customer Engagement Director LATAM en Genesys<\/strong><\/li>\n<li><strong>Jo\u00e3o Marcus Santos &#8211; IT Solutions Coordinator en Banco Inter<\/strong><\/li>\n<li><strong>Diego Larrea &#8211; Gerente General de Tecnolog\u00eda de Ventas e Innovaci\u00f3n en Aerom\u00e9xico<\/strong><\/li>\n<li><strong>Benjamin Castro &#8211; Chief Operation Officer en Ilumno<\/strong><\/li>\n<li><strong>Clara Torrado &#8211; Gerente Customer Experience en Ocasa<\/strong><\/li>\n<\/ul>\n<p>En esta segunda parte del panel, estas 4 importantes compa\u00f1\u00edas de Latinoam\u00e9rica contar\u00e1n c\u00f3mo est\u00e1n llevando sus negocios durante la crisis y c\u00f3mo han logrado el \u00e9xito a pesar de los retos.<\/p>\n","agenda_session_speakers":false},{"agenda_title":"El futuro es m\u00e1s r\u00e1pido de lo que piensas","agenda_start_time":"11:03:00","agenda_end_time":"11:33:00","agenda_single_description":"<p><strong>Ponente: Sergio Coretti &#8211; VP, Business Consulting North America en Genesys<\/strong><\/p>\n<p>10 modelos de negocios disruptivos para re-pensar la estrategia de una manera innovadora &#8211; Charla de Innovaci\u00f3n &#8211; basado en los &#8220;digital twins&#8221;.<\/p>\n","agenda_session_speakers":false},{"agenda_title":"Caso de \u00e9xito Seyco","agenda_start_time":"11:38:00","agenda_end_time":"11:41:00","agenda_single_description":"<p><strong>Ponente: Mauricio Reyes Figueroa &#8211; Sub Gerente Analytics e Innovaci\u00f3n en Seyco<\/strong><\/p>\n<p>Con la migraci\u00f3n de una soluci\u00f3n legacy on premise a Genesys Cloud, Seyco se benefici\u00f3 de una soluci\u00f3n m\u00e1s flexible, resiliente y el\u00e1stica, la cual le permiti\u00f3 obtener mayores beneficios operativos como as\u00ed tambi\u00e9n reducir costos.<\/p>\n","agenda_session_speakers":false},{"agenda_title":"Caso de \u00e9xito Bolsa de Valores de Colombia","agenda_start_time":"11:41:00","agenda_end_time":"11:44:00","agenda_single_description":"<p><strong>Ponente: Diego Galindo Hern\u00e1ndez &#8211; Director de Servicio al Cliente en Bolsa de Valores de Colombia\u00a0<\/strong><\/p>\n<p>Implementar un nuevo modelo de servicio donde el centro de atenci\u00f3n este puesto 100% en el cliente, ha logrado triplicar el volumen de respuesta por medio del canal de voz y mail y elevar el porcentaje de casos que son resueltos en el primer contacto.<\/p>\n","agenda_session_speakers":false},{"agenda_title":"El resultado positivo de la crisis: Transformaci\u00f3n y \u00e9xito","agenda_start_time":"11:44:00","agenda_end_time":"12:05:00","agenda_single_description":"<p><strong>Ponente: B\u00e1rbara Gonz\u00e1lez &#8211; VP, Global Business Consulting en Genesys<\/strong><\/p>\n<p>Dado el contexto de la nueva realidad que vivimos hoy en d\u00eda, es cr\u00edtico que las empresas, indiferentemente de su tama\u00f1o e industria, reconozcan la necesidad de ser creativos, disruptivos e innovadores en la forma en que definen sus estrategias de negocio, continuidad y experiencia del cliente; y adopten una nueva manera de operar que sea flexible y \u00e1gil.<\/p>\n","agenda_session_speakers":false},{"agenda_title":"Closure ","agenda_start_time":"12:05:00","agenda_end_time":"12:07:00","agenda_single_description":"","agenda_session_speakers":false}]}],"additional_agenda_content":""}],"disable_venue_section":false,"enable_map":true,"disable_faq_section":false,"disable_sponsor_section":false,"event_sponsor_tier":[{"sponsor_tier":"Custom","custom_tier":"Pro","event_sponsors":[{"sponsor_name":"Interaxa","sponsor_image":333915,"sponsor_url":""},{"sponsor_name":"Google Cloud","sponsor_image":332305,"sponsor_url":""},{"sponsor_name":"E-Contact ","sponsor_image":332306,"sponsor_url":""},{"sponsor_name":"Nuance","sponsor_image":332308,"sponsor_url":""},{"sponsor_name":"Vonage","sponsor_image":332310,"sponsor_url":""}]},{"sponsor_tier":"Custom","custom_tier":"Premium","event_sponsors":[{"sponsor_name":"Audiocodes","sponsor_image":332324,"sponsor_url":""},{"sponsor_name":"Information Systems","sponsor_image":332297,"sponsor_url":""},{"sponsor_name":"Jabra","sponsor_image":332298,"sponsor_url":""},{"sponsor_name":"Global Networks Solutions","sponsor_image":332302,"sponsor_url":""},{"sponsor_name":"Hightelecom","sponsor_image":332301,"sponsor_url":""},{"sponsor_name":"Crossnet","sponsor_image":332300,"sponsor_url":""},{"sponsor_name":"Sixbell","sponsor_image":332299,"sponsor_url":""}]},{"sponsor_tier":"Custom","custom_tier":"Standard","event_sponsors":[{"sponsor_name":"Ciberc","sponsor_image":332311,"sponsor_url":""},{"sponsor_name":"Seteinfo","sponsor_image":332312,"sponsor_url":""},{"sponsor_name":"Techo","sponsor_image":332313,"sponsor_url":""}]}],"disable_additional_content_section":true,"additional_content_template":"a1","additional_title_group":{"title":"","sub_title":""},"additional_media_content":{"select_media":"image","content_image":false,"content_video":""},"additional_text_content":{"sub_title_h4":"","text_content":"","cta_text":"","cta_url":""},"nav_logo":false,"nav_form_text":"","disable_navigation_form_link":false,"event_date_format":"default","event_time_format":"h:i a","event_hashtag":"","meta_title":"","meta_description":"","no_index":false,"no_follow":false,"meta_twitter_image":false,"meta_twitter_title":"","meta_twitter_description":"","meta_facebook_image":false,"meta_facebook_title":"","meta_facebook_description":"","w_tycontent":"","event_start_time":"","external_registration_link":"https:\/\/gsummitvirtual.com\/"},"_links":{"self":[{"href":"https:\/\/www.genesys.com\/es-mx\/wp-json\/wp\/v2\/events\/322856","targetHints":{"allow":["GET"]}}],"collection":[{"href":"https:\/\/www.genesys.com\/es-mx\/wp-json\/wp\/v2\/events"}],"about":[{"href":"https:\/\/www.genesys.com\/es-mx\/wp-json\/wp\/v2\/types\/events"}],"author":[{"embeddable":true,"href":"https:\/\/www.genesys.com\/es-mx\/wp-json\/wp\/v2\/users\/593"}],"version-history":[{"count":6,"href":"https:\/\/www.genesys.com\/es-mx\/wp-json\/wp\/v2\/events\/322856\/revisions"}],"predecessor-version":[{"id":323065,"href":"https:\/\/www.genesys.com\/es-mx\/wp-json\/wp\/v2\/events\/322856\/revisions\/323065"}],"wp:featuredmedia":[{"embeddable":true,"href":"https:\/\/www.genesys.com\/es-mx\/wp-json\/wp\/v2\/media\/323035"}],"wp:attachment":[{"href":"https:\/\/www.genesys.com\/es-mx\/wp-json\/wp\/v2\/media?parent=322856"}],"wp:term":[{"taxonomy":"tax_priority","embeddable":true,"href":"https:\/\/www.genesys.com\/es-mx\/wp-json\/wp\/v2\/tax_priority?post=322856"},{"taxonomy":"tax_contenttheme","embeddable":true,"href":"https:\/\/www.genesys.com\/es-mx\/wp-json\/wp\/v2\/tax_contenttheme?post=322856"},{"taxonomy":"tax_bundle","embeddable":true,"href":"https:\/\/www.genesys.com\/es-mx\/wp-json\/wp\/v2\/tax_bundle?post=322856"},{"taxonomy":"tax_contenttheme2","embeddable":true,"href":"https:\/\/www.genesys.com\/es-mx\/wp-json\/wp\/v2\/tax_contenttheme2?post=322856"},{"taxonomy":"tax_capability_sitewide","embeddable":true,"href":"https:\/\/www.genesys.com\/es-mx\/wp-json\/wp\/v2\/tax_capability_sitewide?post=322856"},{"taxonomy":"tax_products_programs","embeddable":true,"href":"https:\/\/www.genesys.com\/es-mx\/wp-json\/wp\/v2\/tax_products_programs?post=322856"},{"taxonomy":"tax_buying_job","embeddable":true,"href":"https:\/\/www.genesys.com\/es-mx\/wp-json\/wp\/v2\/tax_buying_job?post=322856"},{"taxonomy":"tax_buyer_persona","embeddable":true,"href":"https:\/\/www.genesys.com\/es-mx\/wp-json\/wp\/v2\/tax_buyer_persona?post=322856"},{"taxonomy":"tax_sector","embeddable":true,"href":"https:\/\/www.genesys.com\/es-mx\/wp-json\/wp\/v2\/tax_sector?post=322856"},{"taxonomy":"tax_segment","embeddable":true,"href":"https:\/\/www.genesys.com\/es-mx\/wp-json\/wp\/v2\/tax_segment?post=322856"}],"curies":[{"name":"wp","href":"https:\/\/api.w.org\/{rel}","templated":true}]}}